{"id":22208,"date":"2025-03-25T20:05:20","date_gmt":"2025-03-25T19:05:20","guid":{"rendered":"https:\/\/www.anno1555.com\/blog\/events\/weinviertel-pop-up-heuriger-linz-%f0%9f%8d%b7%f0%9f%a7%80\/"},"modified":"2025-03-25T21:02:57","modified_gmt":"2025-03-25T20:02:57","slug":"weinviertel-pop-up-heuriger-linz-%f0%9f%8d%b7%f0%9f%a7%80","status":"publish","type":"ajde_events","link":"https:\/\/www.anno1555.com\/cs\/blog\/events\/weinviertel-pop-up-heuriger-linz-%f0%9f%8d%b7%f0%9f%a7%80\/","title":{"rendered":"Weinviertelsk\u00fd pop-up Heuriger v Linci \ud83c\udf77\ud83e\uddc0"},"content":{"rendered":"<p><\/p>\n<p class=\"p1\">\ud83d\udccd <i>Pfarrplatz, Linec<\/i><i><\/i><\/p>\n<p class=\"p1\">\ud83d\udcc5 <i>\u010ctvrtek 15. kv\u011btna &amp; P\u00e1tek 16. kv\u011btna 2025<\/i><i><\/i><\/p>\n<p class=\"p1\">\u23f0 <i>Denn\u011b od 10:00 do 20:00<\/i><i><\/i><\/p>\n<p class=\"p3\"><b>\u201eAusg\u2019steckt is\u2019!\u201c \u2013 p\u0159\u00edmo v centru Lince!<\/b><b><\/b><\/p>\n<p class=\"p1\"><span class=\"s1\"><b>Weinviertel<\/b><\/span> p\u0159in\u00e1\u0161\u00ed do hornorakousk\u00e9ho hlavn\u00edho m\u011bsta svou <span class=\"s1\"><b>heurigenskou kulturu<\/b><\/span> \u2013 s v\u00ednem, dobrotami a pohodovou atmosf\u00e9rou. Dva dny pln\u00e9 <span class=\"s1\"><b>\u201epo\u017eitk\u00e1\u0159sk\u00e9ho klidu\u201c<\/b><\/span> z nejv\u011bt\u0161\u00ed vina\u0159sk\u00e9 oblasti Rakouska.<\/p>\n<p class=\"p3\"><span class=\"s2\">\ud83c\udf7d <\/span><b>Na co se m\u016f\u017ee\u0161 t\u011b\u0161it:<\/b><b><\/b><\/p>\n<p class=\"p1\">\u2022 <span class=\"s1\"><b>Region\u00e1ln\u00ed speciality<\/b><\/span> jako heurigensk\u00e9 pochoutky, oblo\u017een\u00e9 chleby a legend\u00e1rn\u00ed <i>Weinviertler Winzerweckerl<\/i><i><\/i><\/p>\n<p class=\"p1\">\u2022 <span class=\"s1\"><b>V\u00edna z Weinviertelu<\/b><\/span> \u2013 v\u010detn\u011b DAC, sektu, frizzante, hroznov\u00e9 \u0161\u0165\u00e1vy a dal\u0161\u00edch<\/p>\n<p class=\"p1\">\u2022 <span class=\"s1\"><b>Inspirace na dovolenou<\/b><\/span> ve Weinviertelu \u2013 informace o vina\u0159stv\u00edch, v\u00fdletech a zaj\u00edmavostech<\/p>\n<p class=\"p3\"><span class=\"s2\">\ud83c\udfb6 <\/span><b>Z\u00e1bava:<\/b><b><\/b><\/p>\n<p class=\"p1\">\u2022 <i>Tradi\u010dn\u00ed vina\u0159sk\u00e1 dechovka<\/i> z Weinviertelu<\/p>\n<p class=\"p1\">\u2022 <i>Fiatamusi<\/i> \u017eiv\u011b na p\u00f3diu<\/p>\n<p class=\"p1\">\u2022 <i>Hra \u201eto\u010den\u00ed lahvemi\u201c<\/i> o skv\u011bl\u00e9 ceny<\/p>\n<p class=\"p1\"><span class=\"s1\"><b>My z vina\u0159stv\u00ed Hauser budeme samoz\u0159ejm\u011b u toho!<\/b><\/span> Nab\u00eddneme ti na\u0161e v\u00edna, Poy-Secco i verjusov\u00e9 speciality.<\/p>\n<p class=\"p1\">Zastav se, dej si skleni\u010dku a za\u017eij atmosf\u00e9ru Weinviertelu \u2013 tentokr\u00e1t uprost\u0159ed Lince! \ud83c\udf47\ud83e\udd42<\/p>\n<p class=\"p3\">\n<p><\/p>","protected":false},"author":1,"featured_media":-1,"menu_order":0,"comment_status":"closed","ping_status":"closed","template":"","meta":[],"tags":[],"event_type":[],"event_type_2":[],"class_list":["post-22208","ajde_events","type-ajde_events","status-publish","has-post-thumbnail","hentry"],"yoast_head":"<!-- This site is optimized with the Yoast SEO plugin v24.0 - https:\/\/yoast.com\/wordpress\/plugins\/seo\/ -->\n<title>Weinviertelsk\u00fd pop-up Heuriger v Linci \ud83c\udf77\ud83e\uddc0 - Anno1555<\/title>\n<meta name=\"robots\" content=\"noindex, follow\" \/>\n<meta property=\"og:locale\" content=\"cs_CZ\" \/>\n<meta property=\"og:type\" content=\"article\" \/>\n<meta property=\"og:title\" content=\"Weinviertelsk\u00fd pop-up Heuriger v Linci \ud83c\udf77\ud83e\uddc0 - Anno1555\" \/>\n<meta property=\"og:description\" content=\"\ud83d\udccd Pfarrplatz, Linec \ud83d\udcc5 \u010ctvrtek 15. kv\u011btna &amp; P\u00e1tek 16. kv\u011btna 2025 \u23f0 Denn\u011b od 10:00 do 20:00 \u201eAusg\u2019steckt is\u2019!\u201c\" \/>\n<meta property=\"og:url\" content=\"https:\/\/www.anno1555.com\/cs\/blog\/events\/weinviertel-pop-up-heuriger-linz-\ud83c\udf77\ud83e\uddc0\/\" \/>\n<meta property=\"og:site_name\" content=\"Anno1555\" \/>\n<meta property=\"article:publisher\" content=\"https:\/\/www.facebook.com\/anno1555\" \/>\n<meta property=\"article:modified_time\" content=\"2025-03-25T20:02:57+00:00\" \/>\n<meta name=\"twitter:card\" content=\"summary_large_image\" \/>\n<script type=\"application\/ld+json\" class=\"yoast-schema-graph\">{\"@context\":\"https:\/\/schema.org\",\"@graph\":[{\"@type\":\"WebPage\",\"@id\":\"https:\/\/www.anno1555.com\/cs\/blog\/events\/weinviertel-pop-up-heuriger-linz-%f0%9f%8d%b7%f0%9f%a7%80\/\",\"url\":\"https:\/\/www.anno1555.com\/cs\/blog\/events\/weinviertel-pop-up-heuriger-linz-%f0%9f%8d%b7%f0%9f%a7%80\/\",\"name\":\"Weinviertelsk\u00fd pop-up Heuriger v Linci \ud83c\udf77\ud83e\uddc0 - Anno1555\",\"isPartOf\":{\"@id\":\"https:\/\/www.anno1555.com\/cs\/#website\"},\"datePublished\":\"2025-03-25T19:05:20+00:00\",\"dateModified\":\"2025-03-25T20:02:57+00:00\",\"breadcrumb\":{\"@id\":\"https:\/\/www.anno1555.com\/cs\/blog\/events\/weinviertel-pop-up-heuriger-linz-%f0%9f%8d%b7%f0%9f%a7%80\/#breadcrumb\"},\"inLanguage\":\"cs\",\"potentialAction\":[{\"@type\":\"ReadAction\",\"target\":[[\"https:\/\/www.anno1555.com\/cs\/blog\/events\/weinviertel-pop-up-heuriger-linz-%f0%9f%8d%b7%f0%9f%a7%80\/\"]]}]},{\"@type\":\"BreadcrumbList\",\"@id\":\"https:\/\/www.anno1555.com\/cs\/blog\/events\/weinviertel-pop-up-heuriger-linz-%f0%9f%8d%b7%f0%9f%a7%80\/#breadcrumb\",\"itemListElement\":[{\"@type\":\"ListItem\",\"position\":1,\"name\":\"Startseite\",\"item\":\"https:\/\/www.anno1555.com\/cs\/\"},{\"@type\":\"ListItem\",\"position\":2,\"name\":\"Events\",\"item\":\"https:\/\/www.anno1555.com\/cs\/blog\/events\/\"},{\"@type\":\"ListItem\",\"position\":3,\"name\":\"Weinviertler Pop-Up Heuriger Linz \ud83c\udf77\ud83e\uddc0\"}]},{\"@type\":\"WebSite\",\"@id\":\"https:\/\/www.anno1555.com\/cs\/#website\",\"url\":\"https:\/\/www.anno1555.com\/cs\/\",\"name\":\"Anno1555\",\"description\":\"Hauser Wein, Jus(t), Geschein\",\"potentialAction\":[{\"@type\":\"SearchAction\",\"target\":{\"@type\":\"EntryPoint\",\"urlTemplate\":\"https:\/\/www.anno1555.com\/cs\/?s={search_term_string}\"},\"query-input\":{\"@type\":\"PropertyValueSpecification\",\"valueRequired\":true,\"valueName\":\"search_term_string\"}}],\"inLanguage\":\"cs\"}]}<\/script>\n<!-- \/ Yoast SEO plugin. -->","yoast_head_json":{"title":"Weinviertelsk\u00fd pop-up Heuriger v Linci \ud83c\udf77\ud83e\uddc0 - Anno1555","robots":{"index":"noindex","follow":"follow"},"og_locale":"cs_CZ","og_type":"article","og_title":"Weinviertelsk\u00fd pop-up Heuriger v Linci \ud83c\udf77\ud83e\uddc0 - Anno1555","og_description":"\ud83d\udccd Pfarrplatz, Linec \ud83d\udcc5 \u010ctvrtek 15. kv\u011btna &amp; P\u00e1tek 16. kv\u011btna 2025 \u23f0 Denn\u011b od 10:00 do 20:00 \u201eAusg\u2019steckt is\u2019!\u201c","og_url":"https:\/\/www.anno1555.com\/cs\/blog\/events\/weinviertel-pop-up-heuriger-linz-\ud83c\udf77\ud83e\uddc0\/","og_site_name":"Anno1555","article_publisher":"https:\/\/www.facebook.com\/anno1555","article_modified_time":"2025-03-25T20:02:57+00:00","twitter_card":"summary_large_image","schema":{"@context":"https:\/\/schema.org","@graph":[{"@type":"WebPage","@id":"https:\/\/www.anno1555.com\/cs\/blog\/events\/weinviertel-pop-up-heuriger-linz-%f0%9f%8d%b7%f0%9f%a7%80\/","url":"https:\/\/www.anno1555.com\/cs\/blog\/events\/weinviertel-pop-up-heuriger-linz-%f0%9f%8d%b7%f0%9f%a7%80\/","name":"Weinviertelsk\u00fd pop-up Heuriger v Linci \ud83c\udf77\ud83e\uddc0 - Anno1555","isPartOf":{"@id":"https:\/\/www.anno1555.com\/cs\/#website"},"datePublished":"2025-03-25T19:05:20+00:00","dateModified":"2025-03-25T20:02:57+00:00","breadcrumb":{"@id":"https:\/\/www.anno1555.com\/cs\/blog\/events\/weinviertel-pop-up-heuriger-linz-%f0%9f%8d%b7%f0%9f%a7%80\/#breadcrumb"},"inLanguage":"cs","potentialAction":[{"@type":"ReadAction","target":[["https:\/\/www.anno1555.com\/cs\/blog\/events\/weinviertel-pop-up-heuriger-linz-%f0%9f%8d%b7%f0%9f%a7%80\/"]]}]},{"@type":"BreadcrumbList","@id":"https:\/\/www.anno1555.com\/cs\/blog\/events\/weinviertel-pop-up-heuriger-linz-%f0%9f%8d%b7%f0%9f%a7%80\/#breadcrumb","itemListElement":[{"@type":"ListItem","position":1,"name":"Startseite","item":"https:\/\/www.anno1555.com\/cs\/"},{"@type":"ListItem","position":2,"name":"Events","item":"https:\/\/www.anno1555.com\/cs\/blog\/events\/"},{"@type":"ListItem","position":3,"name":"Weinviertler Pop-Up Heuriger Linz \ud83c\udf77\ud83e\uddc0"}]},{"@type":"WebSite","@id":"https:\/\/www.anno1555.com\/cs\/#website","url":"https:\/\/www.anno1555.com\/cs\/","name":"Anno1555","description":"Hauser Wein, Jus(t), Geschein","potentialAction":[{"@type":"SearchAction","target":{"@type":"EntryPoint","urlTemplate":"https:\/\/www.anno1555.com\/cs\/?s={search_term_string}"},"query-input":{"@type":"PropertyValueSpecification","valueRequired":true,"valueName":"search_term_string"}}],"inLanguage":"cs"}]}},"_links":{"self":[{"href":"https:\/\/www.anno1555.com\/cs\/wp-json\/wp\/v2\/ajde_events\/22208","targetHints":{"allow":["GET"]}}],"collection":[{"href":"https:\/\/www.anno1555.com\/cs\/wp-json\/wp\/v2\/ajde_events"}],"about":[{"href":"https:\/\/www.anno1555.com\/cs\/wp-json\/wp\/v2\/types\/ajde_events"}],"author":[{"embeddable":true,"href":"https:\/\/www.anno1555.com\/cs\/wp-json\/wp\/v2\/users\/1"}],"replies":[{"embeddable":true,"href":"https:\/\/www.anno1555.com\/cs\/wp-json\/wp\/v2\/comments?post=22208"}],"wp:featuredmedia":[{"embeddable":true,"href":"https:\/\/www.anno1555.com\/cs\/wp-json\/"}],"wp:attachment":[{"href":"https:\/\/www.anno1555.com\/cs\/wp-json\/wp\/v2\/media?parent=22208"}],"wp:term":[{"taxonomy":"post_tag","embeddable":true,"href":"https:\/\/www.anno1555.com\/cs\/wp-json\/wp\/v2\/tags?post=22208"},{"taxonomy":"event_type","embeddable":true,"href":"https:\/\/www.anno1555.com\/cs\/wp-json\/wp\/v2\/event_type?post=22208"},{"taxonomy":"event_type_2","embeddable":true,"href":"https:\/\/www.anno1555.com\/cs\/wp-json\/wp\/v2\/event_type_2?post=22208"}],"curies":[{"name":"wp","href":"https:\/\/api.w.org\/{rel}","templated":true}]}}